{"id":413,"date":"2015-05-06T16:37:06","date_gmt":"2015-05-06T16:37:06","guid":{"rendered":"http:\/\/natalijapodjavorsek.splet.arnes.si\/?page_id=413"},"modified":"2017-03-10T11:42:18","modified_gmt":"2017-03-10T10:42:18","slug":"modest","status":"publish","type":"page","link":"https:\/\/natalijapodjavorsek.splet.arnes.si\/?page_id=413","title":{"rendered":"MODEST"},"content":{"rendered":"<p><strong>Zala<\/strong>: Pozdravljeni. Predstavili vam bova Svetega Modesta, ki velja za apostola Slovencev.<\/p>\n<p><strong>Ela<\/strong>: V 8. stoletju je pridobil za Kristusa prvo slovansko narodno skupino, ki je \u017eivela v Karantaniji.<\/p>\n<p><strong>Zala<\/strong>: Modest se je rodil na Irskem v 8. Stoletju.<\/p>\n<p><strong>Ela<\/strong>: Umrl je 3. decembra leta 772 pri Gospe Sveti na Koro\u0161kem, kjer je tudi pokopan.<\/p>\n<p><strong>Zala<\/strong>: Njegovo ime izhaja iz latinskega imena \u00bbModestus\u00ab, kar pomeni \u00bbskromen ali blag\u00ab.<\/p>\n<p><strong>Ela<\/strong>: Najbr\u017e je to njegovo redovni\u0161ko ime, ki ga je dobil v samostanu. Bil je lepega obna\u0161anja, bistroumen in poln hrepenenja po kr\u0161\u010danski popolnosti.<\/p>\n<p><strong>Zala<\/strong>: Rad se je umikal v samoto in molil. Po zna\u010daju je bil redkobeseden.<\/p>\n<p><strong>Ela<\/strong>:\u00a0 Ko se je v njegovem samostanu ustavil opat in upravitelj \u0161kofije Virgil, je pripovedovali, da na ju\u017eni strani salzbur\u0161ke \u0161kofije \u017eivijo Karantanci v poganski veri. Povabil je samostanske brate, da se mu pridru\u017eijo pri oznanjanju kr\u0161\u010danstva temu blagemu ljudstvu. In Modest je bil takoj pripravljen oditi tja za misijonarja.<\/p>\n<p><strong>Zala:<\/strong> \u00a0Modest se je naprej pripravljal na svoje misijonsko delo v salzbur\u0161kem samostanu svetega Petra, nato pa je od\u0161el na otok Awa. V Karantanijo je pri\u0161el leta 755. Bil je pokrajinski \u0161kof z vsemi pooblastili in stalnim sede\u017eem.<\/p>\n<p><strong>Ela<\/strong>: O delovanju \u0161kofa Modesta v Karantaniji so na voljo samo skopa poro\u010dila, a so ta zelo pomembna. Kot \u0161kof je Modest nastopal blago in skrajno po\u017ertvovalno.<\/p>\n<p><strong>Zala<\/strong>: Postavljal je cerkve, da je v njih sprejemal ljudske mno\u017eice. Najprej na Krnskem gradu, na Gosposvetskem polju, na Lurnskem polju blizu Spittala ob Dravi in Ad Udrimas ob zgornji Muri, ter \u0161e mnoge manj\u0161e in to vse v enem desetletju delovanja.<\/p>\n<p><strong>Ela<\/strong>: Tako naporno delo v \u010dasih, ko si je kr\u0161\u010danska vera \u0161ele utirala pot v te kraje skoraj presega \u010dlove\u0161ke mo\u010di. Sveti Modest ni var\u010deval s svojimi telesnimi silami in se je gore\u010de razdajal za oznanjanje Jezusovega nauka in re\u0161enje du\u0161.<\/p>\n<p><strong>Zala<\/strong>: Da je bil Modest svetni\u0161ka osebnost, \u010dlove\u0161ko prikupna, nesebi\u010dno po\u017ertvovalna, poni\u017ena in skromna, lahko sklepamo po tem, da v \u010dasu njegovega apostolskega delovanja ni bilo vidnega upora poganov.<\/p>\n<p><strong>Ela<\/strong>: Upava, da vam je bila najina predstavitev o svetem Modestu v\u0161e\u010d.<\/p>\n","protected":false},"excerpt":{"rendered":"<p>Zala: Pozdravljeni. Predstavili vam bova Svetega Modesta, ki velja za apostola Slovencev. Ela: V 8. stoletju je pridobil za Kristusa prvo slovansko narodno skupino, ki je \u017eivela v Karantaniji. Zala: Modest se je rodil na Irskem v 8. Stoletju. Ela: &hellip; <a href=\"https:\/\/natalijapodjavorsek.splet.arnes.si\/?page_id=413\">Beri naprej <span class=\"meta-nav\">&rarr;<\/span><\/a><\/p>\n","protected":false},"author":2218,"featured_media":140,"parent":893,"menu_order":0,"comment_status":"closed","ping_status":"closed","template":"","meta":{"footnotes":""},"class_list":["post-413","page","type-page","status-publish","has-post-thumbnail","hentry"],"_links":{"self":[{"href":"https:\/\/natalijapodjavorsek.splet.arnes.si\/index.php?rest_route=\/wp\/v2\/pages\/413","targetHints":{"allow":["GET"]}}],"collection":[{"href":"https:\/\/natalijapodjavorsek.splet.arnes.si\/index.php?rest_route=\/wp\/v2\/pages"}],"about":[{"href":"https:\/\/natalijapodjavorsek.splet.arnes.si\/index.php?rest_route=\/wp\/v2\/types\/page"}],"author":[{"embeddable":true,"href":"https:\/\/natalijapodjavorsek.splet.arnes.si\/index.php?rest_route=\/wp\/v2\/users\/2218"}],"replies":[{"embeddable":true,"href":"https:\/\/natalijapodjavorsek.splet.arnes.si\/index.php?rest_route=%2Fwp%2Fv2%2Fcomments&post=413"}],"version-history":[{"count":1,"href":"https:\/\/natalijapodjavorsek.splet.arnes.si\/index.php?rest_route=\/wp\/v2\/pages\/413\/revisions"}],"predecessor-version":[{"id":414,"href":"https:\/\/natalijapodjavorsek.splet.arnes.si\/index.php?rest_route=\/wp\/v2\/pages\/413\/revisions\/414"}],"up":[{"embeddable":true,"href":"https:\/\/natalijapodjavorsek.splet.arnes.si\/index.php?rest_route=\/wp\/v2\/pages\/893"}],"wp:featuredmedia":[{"embeddable":true,"href":"https:\/\/natalijapodjavorsek.splet.arnes.si\/index.php?rest_route=\/wp\/v2\/media\/140"}],"wp:attachment":[{"href":"https:\/\/natalijapodjavorsek.splet.arnes.si\/index.php?rest_route=%2Fwp%2Fv2%2Fmedia&parent=413"}],"curies":[{"name":"wp","href":"https:\/\/api.w.org\/{rel}","templated":true}]}}